{"id":120,"date":"2022-10-17T20:47:32","date_gmt":"2022-10-17T18:47:32","guid":{"rendered":"https:\/\/orientering.sjovalla.se\/?page_id=120"},"modified":"2023-03-15T15:21:07","modified_gmt":"2023-03-15T14:21:07","slug":"gron-grupp","status":"publish","type":"page","link":"https:\/\/orientering.sjovalla.se\/index.php\/ungdom\/gron-grupp\/","title":{"rendered":"Gr\u00f6n grupp"},"content":{"rendered":"\n<p><strong>Tr\u00e4ningsgruppen f\u00f6r v\u00e5ra yngsta nyb\u00f6rjare &#8211; h\u00e4ng med och testa!<\/strong><\/p>\n\n\n\n<p>I gr\u00f6na gruppen leker och l\u00e4r vi om karttecken och att passa kartan och \u00f6var upp v\u00e5r trygghet i skogen p\u00e5 olika sm\u00e5 banor. Vi testar \u00e4ven n\u00e5gon g\u00e5ng att springa med s\u00e5 kallad SportIdent-pinne som anv\u00e4nds p\u00e5 t\u00e4vlingar. Ta p\u00e5 kl\u00e4der f\u00f6r r\u00f6relse utomhus och kanske en vattenflaska. Alla barn ska ha med sig en f\u00f6r\u00e4lder eller annan vuxen att ha s\u00e4llskap med ute p\u00e5 banan, men s\u00e5 sm\u00e5ningom brukar en del vilja testa att springa sj\u00e4lva eller med en kompis. Vi ordnar med en frukt i slutet av tr\u00e4ningen.<\/p>\n\n\n\n<p>V\u00e5rterminen p\u00e5g\u00e5r slutet av mars till ungef\u00e4r skolavslutningen. H\u00f6stterminen b\u00f6rjar ungef\u00e4r samtidigt som skolan och h\u00e5ller p\u00e5 till oktober. Det g\u00e5r fint att ansluta n\u00e4r som helst under terminen. B\u00f6rja med att komma och k\u00e4nna p\u00e5 hur det k\u00e4nns ett par g\u00e5nger, men h\u00f6r g\u00e4rna av dig s\u00e5 att vi vet att du kommer!<\/p>\n\n\n\n<p>N\u00e5gra traditionella \u00e5rliga inslag \u00e4r tex vitsippsorientering, skattjakt och sp\u00f6k-OL.<\/p>\n\n\n\n<h2 class=\"wp-block-heading\">Schema<\/h2>\n\n\n\n<p>H\u00e4r hittar du gruppens <a href=\"https:\/\/orientering.sjovalla.se\/index.php\/ungdom\/gron-grupp\/schema\/\" data-type=\"page\" data-id=\"502\">schema<\/a>.<\/p>\n\n\n\n<p><strong>Tid och plats<\/strong>: Som regel alltid vid Finnsj\u00f6g\u00e5rden, tisdagar 18.00 till ca 19.30 (n\u00e5got kortare i b\u00f6rjan av v\u00e5ren och slutet av h\u00f6sten n\u00e4r kv\u00e4llarna blir m\u00f6rka) .<\/p>\n\n\n\n<p><strong>\u00c5lder<\/strong>: ca 7-9 \u00e5r<\/p>\n\n\n\n<p><strong>F\u00f6ruts\u00e4ttningar<\/strong>: Barnen beh\u00f6ver ha med sig en vuxen p\u00e5 tr\u00e4ningarna \u2013 ibland hj\u00e4lper du till med enklare uppgifter (ingen orienteringskunskap kr\u00e4vs, du l\u00e4r dig sj\u00e4lv samtidigt som barnet)<\/p>\n\n\n\n<p><strong>Kontakt<\/strong>: E-post via ledare-gron@googlegroups.com<\/p>\n","protected":false},"excerpt":{"rendered":"<p>Tr\u00e4ningsgruppen f\u00f6r v\u00e5ra yngsta nyb\u00f6rjare &#8211; h\u00e4ng med och testa! I gr\u00f6na gruppen leker och l\u00e4r vi om karttecken och [&hellip;]<\/p>\n","protected":false},"author":1,"featured_media":359,"parent":33,"menu_order":1,"comment_status":"closed","ping_status":"closed","template":"","meta":{"footnotes":""},"class_list":["post-120","page","type-page","status-publish","has-post-thumbnail","hentry"],"_links":{"self":[{"href":"https:\/\/orientering.sjovalla.se\/index.php\/wp-json\/wp\/v2\/pages\/120","targetHints":{"allow":["GET"]}}],"collection":[{"href":"https:\/\/orientering.sjovalla.se\/index.php\/wp-json\/wp\/v2\/pages"}],"about":[{"href":"https:\/\/orientering.sjovalla.se\/index.php\/wp-json\/wp\/v2\/types\/page"}],"author":[{"embeddable":true,"href":"https:\/\/orientering.sjovalla.se\/index.php\/wp-json\/wp\/v2\/users\/1"}],"replies":[{"embeddable":true,"href":"https:\/\/orientering.sjovalla.se\/index.php\/wp-json\/wp\/v2\/comments?post=120"}],"version-history":[{"count":10,"href":"https:\/\/orientering.sjovalla.se\/index.php\/wp-json\/wp\/v2\/pages\/120\/revisions"}],"predecessor-version":[{"id":655,"href":"https:\/\/orientering.sjovalla.se\/index.php\/wp-json\/wp\/v2\/pages\/120\/revisions\/655"}],"up":[{"embeddable":true,"href":"https:\/\/orientering.sjovalla.se\/index.php\/wp-json\/wp\/v2\/pages\/33"}],"wp:featuredmedia":[{"embeddable":true,"href":"https:\/\/orientering.sjovalla.se\/index.php\/wp-json\/wp\/v2\/media\/359"}],"wp:attachment":[{"href":"https:\/\/orientering.sjovalla.se\/index.php\/wp-json\/wp\/v2\/media?parent=120"}],"curies":[{"name":"wp","href":"https:\/\/api.w.org\/{rel}","templated":true}]}}