{"id":122,"date":"2022-10-17T20:47:57","date_gmt":"2022-10-17T18:47:57","guid":{"rendered":"https:\/\/orientering.sjovalla.se\/?page_id=122"},"modified":"2023-02-25T20:48:00","modified_gmt":"2023-02-25T19:48:00","slug":"vit-gul-grupp","status":"publish","type":"page","link":"https:\/\/orientering.sjovalla.se\/index.php\/ungdom\/vit-gul-grupp\/","title":{"rendered":"Vit-Gul grupp"},"content":{"rendered":"\n<p>Ungdomarna i Vit-Gul grupp har viss vana av orientering och kan springa ut i skogen sj\u00e4lva (\u00e4r man lite os\u00e4ker kan man ta med sig en vuxen). Vi tr\u00e4nar mer p\u00e5 karttecken och att passa kartan. Vi l\u00e4r oss ocks\u00e5 att f\u00f6lja andra ledst\u00e4nger \u00e4n stigar, att anv\u00e4nda kompassen, att l\u00e4sa kontrolldefinitionen, att hitta kontroller som ligger en bit ifr\u00e5n stigen och att gena mellan ledst\u00e4nger.<\/p>\n\n\n\n<p>Tr\u00e4ning sker p\u00e5 olika platser runt M\u00f6lnlycke eftersom de flesta barnen hittar alltf\u00f6r v\u00e4l i skogen runt Finnsj\u00f6g\u00e5rden och det \u00e4r bra att testa p\u00e5 olika skogar och terr\u00e4ngtyper. Varje vecka kommer information om den tr\u00e4ningen.<\/p>\n\n\n\n<p>Under \u00e5ret brukar vi \u00e5ka p\u00e5 ett par l\u00e4ger, t\u00e4vlar tillsammans individuellt och stafett och speciellt de \u00e4ldre i gruppen \u00e4r varmt v\u00e4lkomna p\u00e5 intervalltr\u00e4ningarna p\u00e5 tisdagar.<\/p>\n\n\n\n<p>P\u00e5 vintern forts\u00e4tter vi att ses genom tr\u00e4ningarna p\u00e5 <a href=\"https:\/\/orientering.sjovalla.se\/index.php\/for-medlemmar\/traningar\/torsdagstraningar\/\" data-type=\"page\" data-id=\"181\">Wendelsberg<\/a>.<\/p>\n\n\n\n<h2 class=\"wp-block-heading\">Schema<\/h2>\n\n\n\n<p>H\u00e4r hittar du gruppens <a href=\"https:\/\/orientering.sjovalla.se\/index.php\/ungdom\/vit-gul-grupp\/schema\/\" data-type=\"page\" data-id=\"505\">schema<\/a>.<\/p>\n\n\n\n<p><strong>\u00c5lder<\/strong>: Ca 8-12 \u00e5r<\/p>\n\n\n\n<p><strong>F\u00f6ruts\u00e4ttningar<\/strong>:<\/p>\n\n\n\n<ul class=\"wp-block-list\">\n<li>Ungdomarna ska klara att r\u00f6ra sig sj\u00e4lva ute i skogen (annars beh\u00f6ver en vuxen\/f\u00f6r\u00e4lder f\u00f6lja med och &#8221;skugga&#8221;)<\/li>\n\n\n\n<li>De flesta i gruppen har egen kompass och SPORTident-pinne men de tr\u00e4ningar d\u00e5 detta beh\u00f6vs finns det \u00e4ven att l\u00e5na.<\/li>\n\n\n\n<li>Det finns ofta sm\u00e5 uppgifter f\u00f6r medf\u00f6ljande vuxna att hj\u00e4lpa till med, h\u00f6r med ledarna<\/li>\n<\/ul>\n\n\n\n<p><strong>Kontakt<\/strong>: Via e-post ledare-vitgul@googlegroups.com<\/p>\n\n\n\n<p><\/p>\n","protected":false},"excerpt":{"rendered":"<p>Ungdomarna i Vit-Gul grupp har viss vana av orientering och kan springa ut i skogen sj\u00e4lva (\u00e4r man lite os\u00e4ker [&hellip;]<\/p>\n","protected":false},"author":1,"featured_media":358,"parent":33,"menu_order":2,"comment_status":"closed","ping_status":"closed","template":"","meta":{"footnotes":""},"class_list":["post-122","page","type-page","status-publish","has-post-thumbnail","hentry"],"_links":{"self":[{"href":"https:\/\/orientering.sjovalla.se\/index.php\/wp-json\/wp\/v2\/pages\/122","targetHints":{"allow":["GET"]}}],"collection":[{"href":"https:\/\/orientering.sjovalla.se\/index.php\/wp-json\/wp\/v2\/pages"}],"about":[{"href":"https:\/\/orientering.sjovalla.se\/index.php\/wp-json\/wp\/v2\/types\/page"}],"author":[{"embeddable":true,"href":"https:\/\/orientering.sjovalla.se\/index.php\/wp-json\/wp\/v2\/users\/1"}],"replies":[{"embeddable":true,"href":"https:\/\/orientering.sjovalla.se\/index.php\/wp-json\/wp\/v2\/comments?post=122"}],"version-history":[{"count":7,"href":"https:\/\/orientering.sjovalla.se\/index.php\/wp-json\/wp\/v2\/pages\/122\/revisions"}],"predecessor-version":[{"id":583,"href":"https:\/\/orientering.sjovalla.se\/index.php\/wp-json\/wp\/v2\/pages\/122\/revisions\/583"}],"up":[{"embeddable":true,"href":"https:\/\/orientering.sjovalla.se\/index.php\/wp-json\/wp\/v2\/pages\/33"}],"wp:featuredmedia":[{"embeddable":true,"href":"https:\/\/orientering.sjovalla.se\/index.php\/wp-json\/wp\/v2\/media\/358"}],"wp:attachment":[{"href":"https:\/\/orientering.sjovalla.se\/index.php\/wp-json\/wp\/v2\/media?parent=122"}],"curies":[{"name":"wp","href":"https:\/\/api.w.org\/{rel}","templated":true}]}}