{"id":161,"date":"2022-10-18T00:44:21","date_gmt":"2022-10-17T22:44:21","guid":{"rendered":"https:\/\/orientering.sjovalla.se\/?page_id=161"},"modified":"2023-02-11T21:44:05","modified_gmt":"2023-02-11T20:44:05","slug":"traningar","status":"publish","type":"page","link":"https:\/\/orientering.sjovalla.se\/index.php\/for-medlemmar\/traningar\/","title":{"rendered":"Tr\u00e4ningar"},"content":{"rendered":"\n<h2 class=\"wp-block-heading\">Ungdomstr\u00e4ningar<\/h2>\n\n\n\n<div class=\"wp-block-columns is-layout-flex wp-container-core-columns-is-layout-9d6595d7 wp-block-columns-is-layout-flex\">\n<div class=\"wp-block-column is-layout-flow wp-block-column-is-layout-flow\">\n<div class=\"wp-block-group is-layout-flow wp-block-group-is-layout-flow\">\n<h3 class=\"wp-block-heading\">Gr\u00f6n grupp<\/h3>\n\n\n\n<p>V\u00e5ra glada nyb\u00f6rjare leker och l\u00e4r, \u00e5lder ca 7-9 \u00e5r. F\u00f6r\u00e4ldrar \u00e4r med och l\u00e4r\/hj\u00e4lper till.<br>L\u00e4s mer om <a href=\"https:\/\/orientering.sjovalla.se\/index.php\/ungdom\/gron-grupp\/\" data-type=\"page\" data-id=\"120\">Gr\u00f6n grupp<\/a>.<\/p>\n<\/div>\n<\/div>\n\n\n\n<div class=\"wp-block-column is-layout-flow wp-block-column-is-layout-flow\">\n<div class=\"wp-block-group is-layout-flow wp-block-group-is-layout-flow\">\n<h3 class=\"wp-block-heading\">Vit-Gul grupp<\/h3>\n\n\n\n<p>Ungdomar med viss OL-vana, \u00e5lder ca 8-12 \u00e5r.<br>L\u00e4s mer om <a href=\"https:\/\/orientering.sjovalla.se\/index.php\/ungdom\/vit-gul-grupp\/\" data-type=\"page\" data-id=\"122\">Vit-Gul grupp<\/a>.<\/p>\n<\/div>\n<\/div>\n\n\n\n<div class=\"wp-block-column is-layout-flow wp-block-column-is-layout-flow\">\n<div class=\"wp-block-group is-layout-flow wp-block-group-is-layout-flow\">\n<h3 class=\"wp-block-heading\">Orange-Violett grupp<\/h3>\n\n\n\n<p>Ungdomar med mer OL-vana, \u00e5lder ca 13-16 \u00e5r. <br>L\u00e4s mer om <a href=\"https:\/\/orientering.sjovalla.se\/index.php\/ungdom\/orange-violett-grupp\/\" data-type=\"page\" data-id=\"124\">Orange-Violett grupp<\/a>.<\/p>\n<\/div>\n<\/div>\n<\/div>\n\n\n\n<div class=\"wp-block-columns is-layout-flex wp-container-core-columns-is-layout-9d6595d7 wp-block-columns-is-layout-flex\">\n<div class=\"wp-block-column is-layout-flow wp-block-column-is-layout-flow\">\n<div class=\"wp-block-group is-layout-flow wp-block-group-is-layout-flow\">\n<h3 class=\"wp-block-heading\">Juniorer<\/h3>\n\n\n\n<p>Juniorer, fr\u00e5n 17 \u00e5r. \u00c4ven vuxna v\u00e4lkomna f\u00f6r egen tr\u00e4ning.<br>L\u00e4s mer om v\u00e5ra <a href=\"https:\/\/orientering.sjovalla.se\/index.php\/ungdom\/juniorer\/\" data-type=\"page\" data-id=\"126\">Juniorer<\/a>.<\/p>\n<\/div>\n\n\n\n<p><\/p>\n<\/div>\n\n\n\n<div class=\"wp-block-column is-layout-flow wp-block-column-is-layout-flow\"><\/div>\n\n\n\n<div class=\"wp-block-column is-layout-flow wp-block-column-is-layout-flow\"><\/div>\n<\/div>\n\n\n\n<hr class=\"wp-block-separator has-alpha-channel-opacity\"\/>\n\n\n\n<h2 class=\"wp-block-heading\">Gemensamma tr\u00e4ningar &#8211; f\u00f6r b\u00e5de ungdomar och vuxna<\/h2>\n\n\n\n<p>H\u00e4r finns det tr\u00e4ningar att hitta b\u00e5de f\u00f6r ungdomar men \u00e4ven f\u00f6r f\u00f6r\u00e4ldrar\/vuxna\/seniorer &#8211; nyb\u00f6rjare som mer erfarna.<\/p>\n\n\n\n<div class=\"wp-block-columns is-layout-flex wp-container-core-columns-is-layout-9d6595d7 wp-block-columns-is-layout-flex\">\n<div class=\"wp-block-column is-layout-flow wp-block-column-is-layout-flow\">\n<div class=\"wp-block-group is-layout-flow wp-block-group-is-layout-flow\">\n<h3 class=\"wp-block-heading\">Tisdagar &#8211; v\u00e5r\/sommar\/h\u00f6st<\/h3>\n\n\n\n<p>Intervalltr\u00e4ning p\u00e5 sp\u00e5r eller i backe.<br>L\u00e4s mer om v\u00e5ra <a href=\"https:\/\/orientering.sjovalla.se\/index.php\/for-medlemmar\/traningar\/tisdagstraningar\/\" data-type=\"page\" data-id=\"180\">Tisdagstr\u00e4ningar<\/a>.<\/p>\n<\/div>\n<\/div>\n\n\n\n<div class=\"wp-block-column is-layout-flow wp-block-column-is-layout-flow\">\n<div class=\"wp-block-group is-layout-flow wp-block-group-is-layout-flow\">\n<h3 class=\"wp-block-heading\">Tisdagar &#8211; vinter<\/h3>\n\n\n\n<p>Pannlampsl\u00f6pning med bastu\/fika efter\u00e5t.<br>L\u00e4s mer om v\u00e5ra <a href=\"https:\/\/orientering.sjovalla.se\/index.php\/for-medlemmar\/traningar\/tisdagstraningar\/\" data-type=\"page\" data-id=\"180\">Tisdagstr\u00e4ningar<\/a>.<\/p>\n<\/div>\n<\/div>\n\n\n\n<div class=\"wp-block-column is-layout-flow wp-block-column-is-layout-flow\">\n<div class=\"wp-block-group is-layout-flow wp-block-group-is-layout-flow\">\n<h3 class=\"wp-block-heading\">Torsdagar &#8211; vinter<\/h3>\n\n\n\n<p>L\u00f6ptr\u00e4ning ute samt styrketr\u00e4ning och bollek inne vid Wendelsberg &#8211; f\u00f6r hela familjen.<br>L\u00e4s mer om v\u00e5ra <a href=\"https:\/\/orientering.sjovalla.se\/index.php\/for-medlemmar\/traningar\/torsdagstraningar\/\" data-type=\"page\" data-id=\"181\">Torsdagstr\u00e4ningar<\/a>.<\/p>\n<\/div>\n<\/div>\n<\/div>\n","protected":false},"excerpt":{"rendered":"<p>Ungdomstr\u00e4ningar<\/p>\n","protected":false},"author":1,"featured_media":0,"parent":114,"menu_order":0,"comment_status":"closed","ping_status":"closed","template":"","meta":{"footnotes":""},"class_list":["post-161","page","type-page","status-publish","hentry"],"_links":{"self":[{"href":"https:\/\/orientering.sjovalla.se\/index.php\/wp-json\/wp\/v2\/pages\/161","targetHints":{"allow":["GET"]}}],"collection":[{"href":"https:\/\/orientering.sjovalla.se\/index.php\/wp-json\/wp\/v2\/pages"}],"about":[{"href":"https:\/\/orientering.sjovalla.se\/index.php\/wp-json\/wp\/v2\/types\/page"}],"author":[{"embeddable":true,"href":"https:\/\/orientering.sjovalla.se\/index.php\/wp-json\/wp\/v2\/users\/1"}],"replies":[{"embeddable":true,"href":"https:\/\/orientering.sjovalla.se\/index.php\/wp-json\/wp\/v2\/comments?post=161"}],"version-history":[{"count":6,"href":"https:\/\/orientering.sjovalla.se\/index.php\/wp-json\/wp\/v2\/pages\/161\/revisions"}],"predecessor-version":[{"id":561,"href":"https:\/\/orientering.sjovalla.se\/index.php\/wp-json\/wp\/v2\/pages\/161\/revisions\/561"}],"up":[{"embeddable":true,"href":"https:\/\/orientering.sjovalla.se\/index.php\/wp-json\/wp\/v2\/pages\/114"}],"wp:attachment":[{"href":"https:\/\/orientering.sjovalla.se\/index.php\/wp-json\/wp\/v2\/media?parent=161"}],"curies":[{"name":"wp","href":"https:\/\/api.w.org\/{rel}","templated":true}]}}